{"id":1593,"date":"2014-12-01T18:43:43","date_gmt":"2014-12-01T16:43:43","guid":{"rendered":"http:\/\/cives-school.de\/?page_id=1593"},"modified":"2023-05-24T13:56:53","modified_gmt":"2023-05-24T11:56:53","slug":"cives-praxistest","status":"publish","type":"page","link":"https:\/\/cives-school.de\/?page_id=1593","title":{"rendered":"CIVES-Praxistest"},"content":{"rendered":"\n<h1><em>CIVES-Praxistest<\/em><\/h1>\n<p><a name=\"\u00fcberpraxistest\"><\/a><\/p>\n<h3>Kompetent, kritisch, kontrovers: <em>CIVES<\/em> tr\u00e4gt zu gutem SoWi-Unterricht bei.<\/h3>\n<p>Die Reihe <em>CIVES-Praxistest<\/em> zielt auf die unterrichtliche Praxis der politischen und \u00f6konomischen Bildung ab. Ziel ist es, den Dialog zwischen Wissenschaft und Praxis zu st\u00e4rken, einen Raum f\u00fcr Beitr\u00e4ge mit explorativem Charakter zu bieten und unterschiedliche Sichtweisen miteinander zu kontrastieren.<\/p>\n<p>Bei Beitr\u00e4gen zur Reihe handelt es sich z. B. um Besprechungen von Unterrichtsmaterialien, die im Hinblick auf Qualit\u00e4tsmerkmale wie fachliche Richtigkeit und Ausgewogenheit der Darstellung betrachtet werden.<\/p>\n<p>Ebenso werden Entw\u00fcrfe f\u00fcr Unterrichtsstunden oder -reihen zu aktuellen Themen f\u00fcr den Politik-\/SoWi-Unterricht ver\u00f6ffentlicht, die einer praktischen Erprobung bed\u00fcrfen.<\/p>\n<p>Ver\u00f6ffentlichungen in <em>CIVES-Praxistest<\/em> werden fachwissenschaftlich\/fachdidaktisch und redaktionell durch das <a href=\"https:\/\/cives-school.de\/?page_id=83\"><em>CIVES<\/em>-Team<\/a> betreut.<\/p>\n<p>ISSN (Print) 2364-6284<br \/>ISSN (Online) 2364-6292<\/p>\n\n<div class=\"white-box\"><a name=\"praxistest11\"><\/a><\/p>\n<h3><em><a href=\"https:\/\/cives-school.de\/wp-content\/uploads\/2023\/05\/CIVES-Praxistest11_online.pdf\" target=\"_blank\" rel=\"noopener noreferrer\">NEU: CIVES-Praxistest #11<\/a><\/em><\/h3>\n<h3><a href=\"https:\/\/cives-school.de\/wp-content\/uploads\/2023\/05\/CIVES-Praxistest11_online.pdf\" target=\"_blank\" rel=\"noopener noreferrer\"><img loading=\"lazy\" decoding=\"async\" class=\"alignleft size-medium wp-image-5098\" src=\"https:\/\/cives-school.de\/wp-content\/uploads\/2023\/05\/cover-pxt11.png\" alt=\"Cives-Praxistest-#11\" width=\"148\" height=\"210\" \/><\/a>Frederik Heyen, Claudia Forkarth:<br \/>Algorithmen in sozialen Medien.<\/h3>\n<h4>Eine Gefahr f\u00fcr die politische Meinungsbildung?<\/h4>\n<p>F\u00fcr ein besseres Verst\u00e4ndnis von Algorithmen in sozialen Medien liefern <a href=\"https:\/\/www.uni-due.de\/politik\/heyen.php\" target=\"_blank\" rel=\"noopener noreferrer\">Frederik Heyen<\/a> und <a href=\"https:\/\/www.uni-due.de\/politik\/forkarth.php\" target=\"_blank\" rel=\"noopener noreferrer\">Claudia Forkarth<\/a> mit <a href=\"https:\/\/cives-school.de\/wp-content\/uploads\/2023\/05\/CIVES-Praxistest11_online.pdf\" target=\"_blank\" rel=\"noopener noreferrer\"><i>CIVES-Praxistest #11<\/i><\/a> eine vollst\u00e4ndige Unterrichtseinheit, in der Sch\u00fcler*innen anhand eines sch\u00fclernahen Themas die Frage, was Algorithmen und soziale Medien sind und welche Auswirkungen sie auf die politische Meinungsbildung haben k\u00f6nnen, selbst beantworten.<br>\n<p>Das Material f\u00fcr die <strong>Sekundarstufe I (Jgst. 7-9)<\/strong> ist curricular verankert (Kernlehrpl\u00e4ne und Medienkompetenzrahmen), umfasst <strong>ausf\u00fchrliche Stundenverlaufspl\u00e4ne, Arbeitsbl\u00e4tter und Kopiervorlagen sowie Differenzierungsmaterial<\/strong> (z.B. Arbeitsbl\u00e4tter f\u00fcr unterschiedliche Anforderungsniveaus und <i>scaffolds<\/i>) f\u00fcr den Einsatz in (sprach-)heterogenen Lerngruppen.<\/p>\n<p><a href=\"https:\/\/cives-school.de\/wp-content\/uploads\/2023\/05\/CIVES-Praxistest11_online.pdf\" target=\"_blank\" rel=\"noopener noreferrer\"> Download <em>CIVES-Praxistest #11<\/em><\/a><br \/><div class=\"blue-box\">Die in diesem CIVES-Praxistest enthaltenen Arbeitsbl\u00e4tter und Folienvorlagen (PDF-Seiten 22-79) sind lizenziert unter einer Creative Commons (Namensnennung &#8211; Weitergabe unter gleichen Bedingungen 4.0 International. Lizenz: <a href=\"https:\/\/creativecommons.org\/licenses\/by-sa\/4.0\/\" target=\"_blank\" rel=\"noopener noreferrer\">CC BY-SA 4.0.<\/a> Die Namen der Autorinnen\/Rechteinhaberinnen sollen wie folgt genannt werden: Heyen\/Forkarth f\u00fcr cives-school.de. Urheberrechtliche Angaben zu Grafiken finden sich direkt bei den Abbildungen sowie im Verzeichnis.<br \/><\/div><\/div>\n\n<div class=\"white-box\"><a name=\"praxistest10\"><\/a><\/p>\n<h3><em><a href=\"https:\/\/cives-school.de\/wp-content\/uploads\/2020\/08\/CIVES-Praxistest10-final.pdf\" target=\"_blank\" rel=\"noopener noreferrer\">CIVES-Praxistest #10<\/a><\/em><\/h3>\n<h3><a href=\"https:\/\/cives-school.de\/wp-content\/uploads\/2020\/08\/CIVES-Praxistest10-final.pdf\" target=\"_blank\" rel=\"noopener noreferrer\"><img loading=\"lazy\" decoding=\"async\" class=\"alignleft size-medium wp-image-5098\" src=\"https:\/\/cives-school.de\/wp-content\/uploads\/2020\/08\/Cover-Cives-Praxistest10.jpg\" alt=\"Cives-Praxistest-#10\" width=\"148\" height=\"210\" \/><\/a>Julian Becker:<br \/>Digitales Lernmaterial zum Inhaltsfeld Wirtschaftspolitik<\/h3>\n<h4>Innovativ, interaktiv, plural \u2013 und f\u00fcr alle offen<\/h4>\n<p><a href=\"https:\/\/www.uni-due.de\/soziooekonomie\/becker.php\" target=\"_blank\" rel=\"noopener noreferrer\">Julian Becker<\/a> erl\u00e4utert im   <a href=\"https:\/\/cives-school.de\/wp-content\/uploads\/2020\/08\/CIVES-Praxistest10-final.pdf\" target=\"blank\" rel=\"noopener noreferrer\"><i>CIVES-Praxistest #10<\/i><\/a> Aufbau, Einsatzm\u00f6glichkeiten und Hintergrund des digitalen Lernmaterials <a href=\"https:\/\/ifso.sowi.uni-due.de\/open\/wipo\/\" target=\"_blank\" rel=\"noopener noreferrer\">Wirtschaftspolitik.cc.<\/a>  \n\n<p>Das Material zeichnet sich durch die weitgehende Verwendung von <strong>Creative-Commons-Lizenzen<\/strong> aus, die es den Nutzer*innen erlaubt, Inhalte ohne oder nur mit geringen Einschr\u00e4nkungen zu nutzen, zu bearbeiten und (bearbeitet) weiterzugeben. Damit f\u00fcllt das Material eine L\u00fccke, da derart freie <strong>Open Educational Resources<\/strong> im Bereich der politischen\/\u00f6konomischen Bildung kaum existieren.<\/p> \n\n<p>Durch die Orientierung am <strong>Inhaltsfeld Wirtschaftspolitik des Kernlehrplans Sozialwissenschaften f\u00fcr die Sekundarstufe II<\/strong> in NRW k\u00f6nnen Lehrer*innen das Webangebot als digitales Schulbuch oder als Materialsammlung verwenden. <em>CIVES-Praxistest #10<\/em> bietet <strong>konkrete Beispiele f\u00fcr Einsatzszenarien<\/strong>, erl\u00e4utert die verwendeten digitalen Programme, gibt weiterf\u00fchrende Tipps und l\u00e4dt zum Ausprobieren ein.<\/p> \n\n<p><a href=\"https:\/\/cives-school.de\/wp-content\/uploads\/2020\/08\/CIVES-Praxistest10-final.pdf\" target=\"_blank\" rel=\"noopener noreferrer\"> Download <em>CIVES-Praxistest #10<\/em><\/a><br\/><\/div>\n\n<div class=\"white-box\"><a name=\"praxistest9\"><\/a><\/p>\n<h3><em><a href=\"https:\/\/cives-school.de\/wp-content\/uploads\/2020\/04\/Praxistest9_online.pdf\" target=\"_blank\" rel=\"noopener noreferrer\">CIVES-Praxistest #9<\/a><\/em><\/h3>\n<h3><a href=\"https:\/\/cives-school.de\/wp-content\/uploads\/2020\/04\/Praxistest9_online.pdf\" target=\"_blank\" rel=\"noopener noreferrer\"><img loading=\"lazy\" decoding=\"async\" class=\"alignleft size-medium wp-image-5098\" src=\"https:\/\/cives-school.de\/wp-content\/uploads\/2020\/04\/20200423_Praxistest9_Cover.jpg\" alt=\"Cives-Praxistest-#9\" width=\"148\" height=\"210\" \/><\/a>Frank Eike Zischke und Claudia Forkarth:<br \/>Lernaufgaben im Politikunterricht kompetenzorientiert gestalten<\/h3>\n<h4>Kriterien und exemplarische Aufgabenanalyse zum Thema Wahlen in Schulb\u00fcchern der Sekundarstufe I<\/h4>\n<p><a href=\"https:\/\/www.uni-due.de\/politik\/zischke.php\" target=\"_blank\" rel=\"noopener noreferrer\">Frank Eike Zischke<\/a> und <a href=\"https:\/\/www.uni-due.de\/politik\/luft.php\" target=\"_blank\" rel=\"noopener noreferrer\">Claudia Forkarth<\/a> nehmen im <a href=\"https:\/\/cives-school.de\/wp-content\/uploads\/2020\/04\/Praxistest9_online.pdf\" target=\"blank\" rel=\"noopener noreferrer\">CIVES-Praxistest #9<\/a> die Gestaltung von Lernaufgaben im Politikunterricht der Sekundarstufe I unter die Lupe. \n\n<p>Der Praxistest bietet sowohl einen <strong>theoretischen Hintergrund<\/strong> als auch <strong>konkrete Anregungen f\u00fcr die eigene Unterrichtspraxis<\/strong> anhand einer exemplarischen Aufgabenstellung.<\/p>\n\n<p>Das Autorenteam konkretisiert im Beitrag den Begriff der <em>Lernaufgabe<\/em> und betrachtet bereits vorhandene Kriterien kompetenzorientierter Aufgaben insbesondere mit Blick auf deren Potenzial zur kognitiven Aktivierung. Mit <strong>Bezug zum NRW-Kernlehrplan der Sek I f\u00fcr die Realschule<\/strong> werden beispielhaft Schulbuch-Aufgaben zum <strong>Thema Wahlen<\/strong> analysiert. Neben einer Einordnung der Ergebnisse schlie\u00dft der Praxistest mit einer <strong>exemplarischen Aufgabenformulierung<\/strong> und diskutiert die Bedeutung des Themas f\u00fcr den Unterricht.<\/p>\n\n<p><a href=\"https:\/\/cives-school.de\/wp-content\/uploads\/2020\/04\/Praxistest9_online.pdf\" target=\"_blank\" rel=\"noopener noreferrer\"> Download <em>CIVES-Praxistest #9<\/em><\/a><br\/><\/div>\n\n<div class=\"white-box\"><a name=\"praxistest8\"><\/a><\/p>\n<h3><em><a href=\"https:\/\/cives-school.de\/wp-content\/uploads\/2019\/11\/CIVES-Praxistest_8_online.pdf\" target=\"_blank\" rel=\"noopener noreferrer\">CIVES-Praxistest #8<\/a><\/em><\/h3>\n<h3><a href=\"https:\/\/cives-school.de\/wp-content\/uploads\/2019\/11\/CIVES-Praxistest_8_online.pdf\" target=\"_blank\" rel=\"noopener noreferrer\"><img loading=\"lazy\" decoding=\"async\" class=\"alignleft size-medium wp-image-5098\" src=\"https:\/\/cives-school.de\/wp-content\/uploads\/2019\/12\/20181203_Praxistest_8_Cover.jpg\" alt=\"Cives-Praxistest-#8\" width=\"148\" height=\"210\" \/><\/a>Sabine Manzel:<br \/>Klimawandel und Feinstaub-Alarm<\/h3>\n<h4>Das Dieselfahrverbot in der Kontroverse<\/h4>\n<p><a href=\"https:\/\/www.uni-due.de\/politik\/manzel.php\" target=\"_blank\" rel=\"noopener noreferrer\">Sabine Manzel<\/a> kn\u00fcpft im <a href=\"https:\/\/cives-school.de\/wp-content\/uploads\/2019\/11\/CIVES-Praxistest_8_online.pdf\" target=\"_blank\" rel=\"noopener noreferrer\"><i>CIVES-Praxistest #8<\/i><\/a> an dem <strong>aktuellen und lebensnahen Thema<\/strong> \u201eKlimawandel\u201c an und bietet mit der Betrachtung der Kontroverse rund um das Dieselfahrverbot konkrete M\u00f6glichkeiten zur <strong>F\u00f6rderung multiperspektivischen Denkens<\/strong> im Unterricht. Sch\u00fcler*innen k\u00f6nnen in der kontroversen Pro-Contra-Debatte ihre Argumentationsf\u00e4higkeiten ausbauen sowie ihre politische Urteilsbildung st\u00e4rken.<\/p>\n<p><a href=\"https:\/\/cives-school.de\/wp-content\/uploads\/2019\/11\/CIVES-Praxistest_8_online.pdf\" target=\"_blank\" rel=\"noopener noreferrer\"><i>CIVES-Praxistest #8<\/i><\/a> bietet einen theoretischen Rahmen, eine Bedingungsanalyse und Differenzierungsm\u00f6glichkeiten inkl. <i>scaffolds<\/i> f\u00fcr unterschiedliche Lerngruppen sowie eine Erl\u00e4uterung zu enthaltenen Fachkonzepten und \u2013begriffen. Die Unterrichtsreihe eignet sich f\u00fcr den Unterricht ab der 10. Klasse an Realschule, Gesamtschule und Gymnasium und umfasst ca. 5 Schulstunden (\u00e1 45 Minuten).<\/p>\n<p>Um es zu einem <strong>Rundum-Paket f\u00fcr die Unterrichtspraxis<\/strong> zu machen, enth\u00e4lt es <strong>50 Seiten Arbeitsmaterial<\/strong> (Verlaufsplan-Vorschl\u00e4ge, Arbeitsbl\u00e4tter, Rollenkarten, Grafiken, Moderationsleitfaden etc.)<\/p>\n<p><a href=\"https:\/\/cives-school.de\/wp-content\/uploads\/2019\/11\/CIVES-Praxistest_8_online.pdf\" target=\"_blank\" rel=\"noopener noreferrer\"> Download <em>CIVES-Praxistest #8<\/em><\/a><br \/><div class=\"blue-box\">Die in diesem <em>CIVES-Praxistest<\/em> enthaltenen Arbeitsbl\u00e4tter und Folienvorlagen (S. 14-58) sind lizenziert unter einer Creative Commons (Creative Commons Namensnennung &#8211; Nicht-kommerziell &#8211; Weitergabe unter gleichen Bedingungen 4.0 International) Lizenz: <a href=\"https:\/\/creativecommons.org\/licenses\/by-nc-sa\/4.0\/\" target=\"_blank\" rel=\"noopener noreferrer\">CC BY-NC-SA 4.0.<\/a> Der Namen der Autorin soll wie folgt genannt werden: Manzel f\u00fcr cives-school.de. Urheberrechtliche Angaben zu Grafiken finden sich direkt bei den Abbildungen.<br \/><\/div><\/div>\n<div class=\"white-box\"><a name=\"praxistest7\"><\/a><\/p>\n<h3><em><a href=\"https:\/\/cives-school.de\/wp-content\/uploads\/2017\/11\/Praxistest7.pdf\" target=\"_blank\" rel=\"noopener noreferrer\">CIVES-Praxistest #7<\/a><\/em><\/h3>\n<h3><a href=\"https:\/\/cives-school.de\/wp-content\/uploads\/2017\/11\/Praxistest7.pdf\" target=\"_blank\" rel=\"noopener noreferrer\"><img loading=\"lazy\" decoding=\"async\" class=\"alignleft size-medium wp-image-5098\" src=\"https:\/\/cives-school.de\/wp-content\/uploads\/2017\/11\/Cives_PT_7-213x300.jpg\" alt=\"Cives-Praxistest-#7\" width=\"148\" height=\"210\" \/><\/a>Glaucia Peres da Silva und Dennis Neumann:<br \/>Migration als globales Ph\u00e4nomen<\/h3>\n<h4>Anregungen f\u00fcr die Unterrichtsplanung<\/h4>\n<p>In der \u00f6ffentlichen Debatte um Migration, Flucht, Asyl und Integration dominieren h\u00e4ufig nationalstaatliche oder pers\u00f6nliche Konsequenzen. Die Ursachen und Gr\u00fcnde von Migration treten oft in den Hintergrund. Dies wirft die Frage auf: Welche Perspektiven auf das Thema werden im Unterricht beleuchtet?<\/p>\n<p>Glaucia Peres da Silva und Dennis Neumann schlagen einen wissenschaftsorientierten Zugang vor und liefern hierf\u00fcr eine soziologische Sachanalyse, konkrete Anregungen f\u00fcr den Einstieg in eine Unterrichtsreihe in der Sekundarstufe I mit exemplarischen Arbeitsauftr\u00e4gen sowie interdisziplin\u00e4ren Ankn\u00fcpfungsm\u00f6glichkeiten.<\/p>\n<p>Dieser Praxistest ist im Rahmen eines fachwissenschaftlich-fachdidaktischen Kooperationsseminars \u201eMigration als globales Ph\u00e4nomen\u201c im Studiengang Bachelor Lehramt Sozialwissenschaften an der Universit\u00e4t Duisburg-Essen entstanden.<\/p>\n<p><a href=\"https:\/\/cives-school.de\/wp-content\/uploads\/2017\/11\/Praxistest7.pdf\" target=\"_blank\" rel=\"noopener noreferrer\"> Download <em>CIVES-Praxistest #7<\/em><\/a><br \/><\/div>\n<div class=\"white-box\"><a name=\"praxistest6\"><\/a><\/p>\n<h3><em><a href=\"https:\/\/cives-school.de\/wp-content\/uploads\/2017\/05\/Praxistest6.pdf\" target=\"_blank\" rel=\"noopener noreferrer\"> CIVES-Praxistest #6<\/a><\/em><\/h3>\n<h3><a href=\"https:\/\/cives-school.de\/wp-content\/uploads\/2017\/05\/Praxistest6.pdf\" target=\"_blank\" rel=\"noopener noreferrer\"><img loading=\"lazy\" decoding=\"async\" class=\"alignleft size-full wp-image-4043\" src=\"https:\/\/cives-school.de\/wp-content\/uploads\/2017\/05\/cover-pt6.jpg\" alt=\"cives-praxistest-6_148x210\" width=\"148\" height=\"210\" \/><\/a>Claudia Luft, Farina Nagel, Sabine Manzel:<br \/>\u201eGewaltenteilung, oder: Alle Macht in einer Hand?\u201c<\/h3>\n<h4>Schaubilder im sprachsensiblen Politikunterricht<\/h4>\n<p>Der Unterrichtsentwurf in <em><a href=\"https:\/\/cives-school.de\/wp-content\/uploads\/2017\/05\/Praxistest6.pdf\" target=\"_blank\" rel=\"noopener noreferrer\">CIVES-Praxistest #6<\/a><\/em> wurde im Rahmen des <a href=\"https:\/\/www.uni-due.de\/schrift\/\" target=\"_blank\" rel=\"noopener noreferrer\">SchriFT-Projekts<\/a> an der Universit\u00e4t Duisburg-Essen entwickelt. Ziel ist es, Projektergebnisse f\u00fcr die Praxis zu nutzen und zu zeigen, wie textsortenbasiertes und sprachsensibel gestaltetes Lernen auch im Politikunterricht funktionieren kann.<\/p>\n<p>Anhand der Auseinandersetzung mit dem politischen System in Deutschland lernen die Sch\u00fclerinnen und Sch\u00fcler insbesondere den Umgang mit der Textsorte &#8222;Schaubild&#8220; sowohl in Bezug auf fachliche Inhalte, als auch hinsichtlich sprachlicher Handlungen.<\/p>\n<p><a href=\"https:\/\/cives-school.de\/wp-content\/uploads\/2017\/05\/Praxistest6.pdf\" target=\"_blank\" rel=\"noopener noreferrer\"> Download <em>CIVES-Praxistest #6<\/em><\/a><br \/><div class=\"blue-box\">Die in diesem <em>CIVES-Praxistest<\/em> enthaltenen Arbeitsbl\u00e4tter und Folienvorlagen (S. 16\u201354) sind lizenziert unter einer Creative Commons (Namensnennung &#8211; Weitergabe unter gleichen Bedingungen 4.0 International) Lizenz: <a href=\"https:\/\/creativecommons.org\/licenses\/by-sa\/4.0\/\" target=\"_blank\" rel=\"noopener noreferrer\">by-sa\/4.0<\/a>. Die Namen der Autorinnen\/Rechteinhaberinnen sollen wie folgt genannt werden: Luft\/Nagel\/Manzel f\u00fcr cives-school.de. Urheberrechtliche Angaben zu Grafiken finden sich direkt bei den Abbildungen.<br \/><\/div><\/div>\n<div class=\"white-box\"><a name=\"praxistest5\"><\/a><\/p>\n<h3><em><a href=\"https:\/\/cives-school.de\/wp-content\/uploads\/2016\/11\/CIVES-Praxistest-5.pdf\" target=\"_blank\" rel=\"noopener noreferrer\"> CIVES-Praxistest #5<\/a><\/em><\/h3>\n<h3><a href=\"https:\/\/cives-school.de\/wp-content\/uploads\/2016\/11\/CIVES-Praxistest-5.pdf\" target=\"_blank\" rel=\"noopener noreferrer\"><img loading=\"lazy\" decoding=\"async\" class=\"alignleft size-full wp-image-4043\" src=\"https:\/\/cives-school.de\/wp-content\/uploads\/2014\/12\/CIVES-Praxistest-5_148x210.jpg\" alt=\"cives-praxistest-5_148x210\" width=\"148\" height=\"210\" \/><\/a>Till van Treeck:<br \/>Welches Menschenbild f\u00fcr die \u00f6konomische Bildung?<\/h3>\n<h4>Nicht-egoistisches Verhalten und soziale Vergleiche in der Haushaltstheorie<\/h4>\n<p>Ein zentrales Anliegen der meisten Standardlehrb\u00fccher der Volkswirtschaftslehre besteht darin, den Studierenden das Menschenbild des rationalen und eigenn\u00fctzigen Homo oeconomicus n\u00e4herzubringen. In <a href=\"https:\/\/cives-school.de\/wp-content\/uploads\/2016\/11\/CIVES-Praxistest-5.pdf\" target=\"_blank\" rel=\"noopener noreferrer\"><em>CIVES-Praxistest #5<\/em><\/a> zeigt Till van Treeck, dass die Schw\u00e4chen des Homo-oeconomicus-Standardmodells, wie es in einflussreichen \u00d6konomie-Lehrb\u00fcchern derzeit noch gelehrt wird, aus wissenschaftlicher und didaktischer Perspektive so gravierend sind, dass es als Dreh- und Angelpunkt (sozio-)\u00f6konomischer Bildung ausgedient haben sollte.<\/p>\n<p>Im Beitrag werden zudem alternative Verhaltensmodelle diskutiert, in denen authentisch nichtegoistisches Verhalten systematisch mit \u00f6konomischen Vorteilen verbunden sein kann.<\/p>\n<p>Der Beitrag ist eine Auskopplung aus dem Band <a href=\"http:\/\/irights-media.de\/publikationen\/wirtschaft-neu-denken\/\" target=\"_blank\" rel=\"noopener noreferrer\">van Treeck, T.\/Urban, J. (Hrsg.): Wirtschaft neu denken. Blinde Flecken der Lehrbuch\u00f6konomie. Berlin: iRights.Media<\/a>.<\/p>\n<p><a href=\"https:\/\/cives-school.de\/wp-content\/uploads\/2016\/11\/CIVES-Praxistest-5.pdf\" target=\"_blank\" rel=\"noopener noreferrer\"> Download <em>CIVES-Praxistest #5<\/em><\/a><br \/><\/div>\n<div class=\"white-box\"><a name=\"praxistest4\"><\/a><\/p>\n<h3><em><a href=\"https:\/\/cives-school.de\/wp-content\/uploads\/2015\/08\/CIVES-Praxistest4_DE.pdf\" target=\"_blank\" rel=\"noopener noreferrer\">CIVES-Praxistest #4<\/a><\/em><\/h3>\n<h3><a href=\"https:\/\/cives-school.de\/wp-content\/uploads\/2015\/08\/CIVES-Praxistest4_DE.pdf\" target=\"_blank\" rel=\"noopener noreferrer\"><img loading=\"lazy\" decoding=\"async\" class=\"alignleft size-full wp-image-657\" src=\"https:\/\/cives-school.de\/wp-content\/uploads\/2015\/08\/Praxistest4_DE_cover-148x210.jpg\" alt=\"CIVES-Praxistest 4\" width=\"148\" height=\"210\" \/><\/a>Till van Treeck, Philipp Kortendiek:<br \/>Die Eurokrise unterrichten: Was lernen Sch\u00fclerInnen in Deutschland und Frankreich \u00fcber die Eurokrise?<\/h3>\n<p>In Anbetracht des hohen Grades an Kontroversit\u00e4t in der \u00f6ffentlichen Debatte zu den Ursachen und zu L\u00f6sungswegen der Eurokrise ist es wichtig zu fragen, was Sch\u00fclerInnen in Europa \u00fcber die Krise lernen.<\/p>\n<p>Im <a href=\"https:\/\/cives-school.de\/wp-content\/uploads\/2015\/08\/CIVES-Praxistest4_DE.pdf\" target=\"_blank\" rel=\"noopener noreferrer\"><em>CIVES-Praxistest #4<\/em><\/a> zeigen Till van Treeck und Philipp Kortendiek, dass Sch\u00fclerInnen an weiterf\u00fchrenden Schulen in Deutschland und Frankreich mit sehr unterschiedlichen Perspektiven auf die Krise konfrontiert werden. Dazu wurden ausgew\u00e4hlte Unterrichtsmaterialien betrachtet, bei denen davon auszugehen ist, dass sie in den Klassenzimmern breite Anwendung finden.<br \/><div class=\"blue-box\">Hier finden Sie die Berichte von <a href=\"http:\/\/www.spiegel.de\/schulspiegel\/unterrichtsmaterial-zur-eurokrise-sehr-einseitig-a-1048073.html\" target=\"_blank\" rel=\"noopener noreferrer\">Spiegel Online<\/a>, der <a href=\"http:\/\/taz.de\/Schulmaterial-zur-Eurokrise\/!5228166\/\" target=\"_blank\" rel=\"noopener noreferrer\">taz<\/a> und des <a href=\"http:\/\/www.deutschlandfunk.de\/eurokrise-im-schulunterricht-online-materialien-sind-oft.680.de.mhtml?dram%3Aarticle_id=328724\" target=\"_blank\" rel=\"noopener noreferrer\">Deutschlandfunks<\/a> zu den Ergebnissen des <a href=\"https:\/\/cives-school.de\/wp-content\/uploads\/2015\/08\/CIVES-Praxistest4_DE.pdf\" target=\"_blank\" rel=\"noopener noreferrer\"><em>CIVES-Praxistest #4<\/em><\/a>.<br \/><\/div>\n<p>Die Materialien, die vom franz\u00f6sischen Schulministerium empfohlen werden, geben zumeist eine keynesianische Perspektive auf die Eurokrise wieder, w\u00e4hrend die deutschen Unterrichtsmaterialen h\u00e4ufig eine neoklassische Sichtweise widerspiegeln.<\/p>\n<p>Die Diskrepanz in der Art und Weise, wie die Eurokrise in den Unterrichtsmaterialien der beiden gr\u00f6\u00dften Mitgliedsl\u00e4nder der Europ\u00e4ischen Union dargestellt wird, scheint im Widerspruch zum Ziel der EU zu stehen, den internationalen Dialog insbesondere innerhalb der jungen Generation zu f\u00f6rdern.<\/p>\n<p>Der Beitrag basiert auf der BA\u2010Arbeit \u201cEnseigner la crise\/Die Krise unterrichten \u2010 Eine Analyse von deutschen und franz\u00f6sischen Unterrichtsmaterialien zur Eurokrise\u201d, die von Philipp Kortendiek angefertigt und von Till van Treeck betreut wurde.<\/p>\n<p><a href=\"https:\/\/cives-school.de\/wp-content\/uploads\/2015\/08\/CIVES-Praxistest4_DE.pdf\" target=\"_blank\" rel=\"noopener noreferrer\"> Download <em>CIVES-Praxistest #4<\/em><\/a><br \/><\/div>\n<div class=\"white-box\"><a name=\"praxistest3\"><\/a><\/p>\n<h3><em><a href=\"https:\/\/cives-school.de\/wp-content\/uploads\/2015\/02\/CIVES-Praxistest3.pdf\" target=\"_blank\" rel=\"noopener noreferrer\"> CIVES-Praxistest #3<\/a><\/em><\/h3>\n<h3><a href=\"https:\/\/cives-school.de\/wp-content\/uploads\/2015\/02\/CIVES-Praxistest3.pdf\" target=\"_blank\" rel=\"noopener noreferrer\"><img loading=\"lazy\" decoding=\"async\" class=\"alignleft size-full wp-image-657\" src=\"https:\/\/cives-school.de\/wp-content\/uploads\/2015\/02\/CIVES-Praxistest3-cover.jpg\" alt=\"CIVES-Praxistest 3\" width=\"150\" height=\"212\" \/><\/a>Till van Treeck:<br \/><em>Wirtschaft und Schule:<\/em> &#8222;Notwendigkeit der Altersvorsorge&#8220;<\/h3>\n<h4>Kurzgutachten zur Unterrichtseinheit<\/h4>\n<p>Das Kurzgutachten bespricht die Unterrichtseinheit &#8222;Notwendigkeit der Altersvorsorge&#8220; des Internetportals &#8222;Wirtschaft und Schule&#8220;.<\/p>\n<p>Die Darstellung der \u00f6konomischen Zusammenh\u00e4nge und der wirtschaftspolitischen Debatte ist als grob einseitig zu bezeichnen. Die (Teil\u2010)Privatisierung des Rentensystems wird als alternativlos dargestellt. Eine ausgewogene Auseinandersetzung mit wirtschaftswissenschaftlichen Kontroversen und verschiedenen rentenpolitischen Reformoptionen findet nicht statt.<\/p>\n<p>Wenn im Unterricht zum Thema Altersvorsorge lediglich die vorliegende Unterrichtsreihe eingesetzt w\u00fcrde, best\u00fcnde die Gefahr, dass eine \u00dcberw\u00e4ltigung der Sch\u00fclerinnen und Sch\u00fcler zu einer einseitigen Sichtweise des Rentensystems stattfindet.<\/p>\n<p><a href=\"https:\/\/cives-school.de\/wp-content\/uploads\/2015\/02\/CIVES-Praxistest3.pdf\" target=\"_blank\" rel=\"noopener noreferrer\"> Download <em>CIVES-Praxistest #3<\/em><\/a><br \/><\/div>\n<div class=\"white-box\"><a name=\"praxistest2\"><\/a><\/p>\n<h3><em><a href=\"https:\/\/cives-school.de\/wp-content\/uploads\/2015\/01\/CIVES-Praxistest2.pdf\" target=\"_blank\" rel=\"noopener noreferrer\"> CIVES-Praxistest #2<\/a><\/em><\/h3>\n<h3><a href=\"https:\/\/cives-school.de\/wp-content\/uploads\/2015\/01\/CIVES-Praxistest2.pdf\" target=\"_blank\" rel=\"noopener noreferrer\"><img loading=\"lazy\" decoding=\"async\" class=\"alignleft size-full wp-image-657\" src=\"https:\/\/cives-school.de\/wp-content\/uploads\/2015\/01\/CIVES-Praxistest2.jpg\" alt=\"CIVES-Praxistest 2\" width=\"150\" height=\"212\" \/><\/a>Silvia Blum, Roxana Langner, Zhu Zhai, Sabine Manzel:<br \/>Soziale Ungleichheit auf dem Arbeitsmarkt: Fokus Geschlechtergerechtigkeit<\/h3>\n<h4>Unterrichtsentwurf<\/h4>\n<p>Der Unterrichtsentwurf wurde im Rahmen des BA\u2010Seminars \u201eLehren und Lernen in der sozialwissenschaftlichen Bildung\u201c an der Universit\u00e4t Duisburg\u2010Essen von den Studentinnen Silvia Blum, Roxana Langner und Zhu Zhai entwickelt und von Sabine Manzel betreut.<\/p>\n<p>Die Sch\u00fclerinnen und Sch\u00fcler lernen Dimensionen, Erscheinungsformen und Auswirkungen sozialer Ungleichheit kennen, indem sie die Gleichberechtigung von Frauen und M\u00e4nnern auf dem Arbeitsmarkt untersuchen.<\/p>\n<p>Der Entwurf wird hier f\u00fcr eine praktische Erprobung im Unterricht zum Download bereitgestellt.<\/p>\n<p><a href=\"https:\/\/cives-school.de\/wp-content\/uploads\/2015\/01\/CIVES-Praxistest2.pdf\" target=\"_blank\" rel=\"noopener noreferrer\"> Download <em>CIVES-Praxistest #2<\/em><\/a><br \/><\/div>\n<div class=\"white-box\"><a name=\"praxistest1\"><\/a><\/p>\n<h3><em><a href=\"https:\/\/cives-school.de\/wp-content\/uploads\/2014\/12\/CIVES-Praxistest1.pdf\" target=\"_blank\" rel=\"noopener noreferrer\">CIVES-Praxistest #1<\/a><\/em><\/h3>\n<h3><a href=\"https:\/\/cives-school.de\/wp-content\/uploads\/2014\/12\/CIVES-Praxistest1.pdf\" target=\"_blank\" rel=\"noopener noreferrer\"><img loading=\"lazy\" decoding=\"async\" class=\"alignleft size-full wp-image-657\" src=\"https:\/\/cives-school.de\/wp-content\/uploads\/2014\/12\/praxistest1titel.jpg\" alt=\"CIVES-Praxistest 1\" width=\"150\" height=\"212\" \/><\/a>Till van Treeck:<br \/><em>Handelsblatt macht Schule:<\/em> &#8222;Unsere Wirtschaftsordnung&#8220;<\/h3>\n<h4>Kurzgutachten zur Unterrichtseinheit<\/h4>\n<p>Das Kurzgutachten bespricht die Unterrichtseinheit <em>Handelsblatt macht Schule:<\/em> \u201eUnsere Wirtschaftsordnung\u201c und insbesondere Komplex 2 (\u201eAusgestaltung der Sozialen Marktwirtschaft\u201c) der Unterrichtseinheit. Die Darstellung wirtschaftspolitischer Debatten ist in weiten Teilen als einseitig zu bewerten. Kontroversit\u00e4t auf wirtschaftswissenschaftlicher Ebene wird kaum hergestellt.<br \/><div class=\"blue-box\"><em>CIVES-Praxistest #1<\/em> ist an verschiedenen Stellen in den Medien aufgegriffen worden, z. B. im <a href=\"https:\/\/cives-school.de\/wp-content\/uploads\/2015\/04\/Tagesspiegel-17.03.2015..pdf\">Tagesspiegel<\/a> oder auf <a href=\"http:\/\/www.spiegel.de\/schulspiegel\/baden-wuerttemberg-fuehrt-wirtschaft-als-pflichtfach-ein-a-1049028.html\">Spiegel Online <\/a>.<br \/><\/div>\n<p>Wenn Lehrer\/-innen die Unterrichtsreihe im Unterricht einsetzen, sollten das Fehlen von wirtschaftswissenschaftlicher Kontroversit\u00e4t und die problematische Auswahl von Statistiken gemeinsam mit den Sch\u00fcler\/-innen herausgearbeitet werden.<br \/><a href=\"https:\/\/cives-school.de\/wp-content\/uploads\/2014\/12\/CIVES-Praxistest1.pdf\" target=\"_blank\" rel=\"noopener noreferrer\"> Download <em>CIVES-Praxistest #1<\/em><\/a><\/p>\n<\/div>\n","protected":false},"excerpt":{"rendered":"<p>CIVES-Praxistest Kompetent, kritisch, kontrovers: CIVES tr\u00e4gt zu gutem SoWi-Unterricht bei. Die Reihe CIVES-Praxistest zielt auf die unterrichtliche Praxis der politischen und \u00f6konomischen Bildung ab. Ziel ist es, den Dialog zwischen Wissenschaft und Praxis zu st\u00e4rken, einen Raum f\u00fcr Beitr\u00e4ge mit explorativem Charakter zu bieten und unterschiedliche &hellip; <\/p>\n<p><a href=\"https:\/\/cives-school.de\/?page_id=1593\" class=\"more-link\"><span class=\"morelink-icon\">Weiterlesen<\/span><\/a><\/p>\n","protected":false},"author":2,"featured_media":0,"parent":1588,"menu_order":0,"comment_status":"closed","ping_status":"closed","template":"","meta":{"footnotes":""},"class_list":["post-1593","page","type-page","status-publish","hentry"],"_links":{"self":[{"href":"https:\/\/cives-school.de\/index.php?rest_route=\/wp\/v2\/pages\/1593","targetHints":{"allow":["GET"]}}],"collection":[{"href":"https:\/\/cives-school.de\/index.php?rest_route=\/wp\/v2\/pages"}],"about":[{"href":"https:\/\/cives-school.de\/index.php?rest_route=\/wp\/v2\/types\/page"}],"author":[{"embeddable":true,"href":"https:\/\/cives-school.de\/index.php?rest_route=\/wp\/v2\/users\/2"}],"replies":[{"embeddable":true,"href":"https:\/\/cives-school.de\/index.php?rest_route=%2Fwp%2Fv2%2Fcomments&post=1593"}],"version-history":[{"count":46,"href":"https:\/\/cives-school.de\/index.php?rest_route=\/wp\/v2\/pages\/1593\/revisions"}],"predecessor-version":[{"id":8744,"href":"https:\/\/cives-school.de\/index.php?rest_route=\/wp\/v2\/pages\/1593\/revisions\/8744"}],"up":[{"embeddable":true,"href":"https:\/\/cives-school.de\/index.php?rest_route=\/wp\/v2\/pages\/1588"}],"wp:attachment":[{"href":"https:\/\/cives-school.de\/index.php?rest_route=%2Fwp%2Fv2%2Fmedia&parent=1593"}],"curies":[{"name":"wp","href":"https:\/\/api.w.org\/{rel}","templated":true}]}}